{"id":285,"date":"2025-01-08T15:05:17","date_gmt":"2025-01-08T15:05:17","guid":{"rendered":"https:\/\/test.vivimsolar.cat\/vivim-solar-especialistes-en-energia-solar-a-sant-cugat\/"},"modified":"2025-05-15T09:54:33","modified_gmt":"2025-05-15T09:54:33","slug":"vivim-solar-especialistes-en-energia-solar-a-sant-cugat","status":"publish","type":"page","link":"https:\/\/test.vivimsolar.cat\/ca\/","title":{"rendered":"Vivim Solar &#8211; Especialistes en Energia solar a Sant Cugat"},"content":{"rendered":"\n<div class=\"slider-wrapper relative\" id=\"slider-1846145756\" >\n    <div class=\"slider slider-nav-circle slider-nav-large slider-nav-light slider-style-normal\"\n        data-flickity-options='{\n            \"cellAlign\": \"center\",\n            \"imagesLoaded\": true,\n            \"lazyLoad\": 1,\n            \"freeScroll\": false,\n            \"wrapAround\": true,\n            \"autoPlay\": 6000,\n            \"pauseAutoPlayOnHover\" : true,\n            \"prevNextButtons\": true,\n            \"contain\" : true,\n            \"adaptiveHeight\" : true,\n            \"dragThreshold\" : 10,\n            \"percentPosition\": true,\n            \"pageDots\": false,\n            \"rightToLeft\": false,\n            \"draggable\": true,\n            \"selectedAttraction\": 0.1,\n            \"parallax\" : 0,\n            \"friction\": 0.6        }'\n        >\n        \n\n\n  <div class=\"banner has-hover has-parallax\" id=\"banner-306527538\">\n          <div class=\"banner-inner fill\">\n        <div class=\"banner-bg fill\" data-parallax=\"-3\" data-parallax-container=\".banner\" data-parallax-background>\n            <img loading=\"lazy\" decoding=\"async\" width=\"1439\" height=\"691\" src=\"https:\/\/test.vivimsolar.cat\/wp-content\/uploads\/2025\/01\/solar-panels-roof-solar-cell-1.png\" class=\"bg attachment-original size-original\" alt=\"\" \/>                                    \n                    <\/div>\n\t\t\n        <div class=\"banner-layers container\">\n            <div class=\"fill banner-link\"><\/div>            \n\n   <div id=\"text-box-1342445280\" class=\"text-box banner-layer x50 md-x50 lg-x50 y25 md-y35 lg-y35 res-text\">\n                     <div data-animate=\"fadeInLeft\">           <div class=\"text-box-content text dark\">\n              \n              <div class=\"text-inner text-center\">\n                  \n\n<h4 class=\"thin-font uppercase\">Energia per a un futur brillant<\/h4>\n<h1>Especialistes en energia Solar<\/h1>\n\n<a href=\"https:\/\/test.vivimsolar.cat\/ca\/qui-som\/\" class=\"button primary\"  >\n\t\t<span>M\u00e9s Info<\/span>\n\t<\/a>\n\n\n<a href=\"https:\/\/test.vivimsolar.cat\/ca\/contacte\/\" class=\"button white is-outline\"  >\n\t\t<span>CONTACTE<\/span>\n\t<\/a>\n\n\n\n              <\/div>\n           <\/div>\n       <\/div>                     \n<style>\n#text-box-1342445280 {\n  width: 85%;\n}\n#text-box-1342445280 .text-box-content {\n  font-size: 100%;\n}\n@media (min-width:550px) {\n  #text-box-1342445280 {\n    width: 52%;\n  }\n}\n@media (min-width:850px) {\n  #text-box-1342445280 {\n    width: 68%;\n  }\n}\n<\/style>\n    <\/div>\n \n\n        <\/div>\n      <\/div>\n\n            \n<style>\n#banner-306527538 {\n  padding-top: 470px;\n}\n#banner-306527538 .banner-bg img {\n  object-position: 53% 0%;\n}\n@media (min-width:550px) {\n  #banner-306527538 {\n    padding-top: 50%;\n  }\n}\n<\/style>\n  <\/div>\n\n\n\n     <\/div>\n\n     <div class=\"loading-spin dark large centered\"><\/div>\n\n\t\n<style>\n#slider-1846145756 .flickity-slider > * {\n  max-width: 100%!important;\n}\n<\/style>\n<\/div>\n\n\n\n\t<section class=\"section section-vivim-3-home hide-for-medium\" id=\"section_1341705891\">\n\t\t<div class=\"section-bg fill\" >\n\t\t\t\t\t\t\t\t\t\n\t\t\t\n\n\t\t<\/div>\n\n\t\t\n\n\t\t<div class=\"section-content relative\">\n\t\t\t\n\n<div class=\"row\"  id=\"row-509791713\">\n\n\n\t<div id=\"col-1853395497\" class=\"col medium-4 small-12 large-4\"  >\n\t\t\t\t<div class=\"col-inner\"  >\n\t\t\t\n\t\t\t\n\n\n\t<a class=\"plain\" href=\"https:\/\/test.vivimsolar.cat\/ca\/llar-plaques-solars-i-autoconsum-solar-per-a-casa\/\" >\t<div class=\"icon-box featured-box icon-box-center text-center\"  >\n\t\t\t\t\t<div class=\"icon-box-img\" style=\"width: 60px\">\n\t\t\t\t<div class=\"icon\">\n\t\t\t\t\t<div class=\"icon-inner\" >\n\t\t\t\t\t\t<img loading=\"lazy\" decoding=\"async\" width=\"256\" height=\"256\" src=\"https:\/\/test.vivimsolar.cat\/wp-content\/uploads\/2025\/01\/casa.png\" class=\"attachment-medium size-medium\" alt=\"\" srcset=\"https:\/\/test.vivimsolar.cat\/wp-content\/uploads\/2025\/01\/casa.png 256w, https:\/\/test.vivimsolar.cat\/wp-content\/uploads\/2025\/01\/casa-150x150.png 150w\" sizes=\"auto, (max-width: 256px) 100vw, 256px\" \/>\t\t\t\t\t<\/div>\n\t\t\t\t<\/div>\n\t\t\t<\/div>\n\t\t\t\t<div class=\"icon-box-text last-reset\">\n\t\t\t\t\t\t\t\t\t\n\n\t<div id=\"text-3803900448\" class=\"text\">\n\t\t\n\n<h3 style=\"text-align: center;\">Llar<\/h3>\n\t\t\n<style>\n#text-3803900448 {\n  color: rgb(255,255,255);\n}\n#text-3803900448 > * {\n  color: rgb(255,255,255);\n}\n<\/style>\n\t<\/div>\n\t\n\n\t\t<\/div>\n\t<\/div>\n\t<\/a>\n\t\n\n\t\t<\/div>\n\t\t\t\t\t<\/div>\n\n\t\n\n\t<div id=\"col-1262138522\" class=\"col medium-4 small-12 large-4\"  >\n\t\t\t\t<div class=\"col-inner\"  >\n\t\t\t\n\t\t\t\n\n\n\t<a class=\"plain\" href=\"https:\/\/test.vivimsolar.cat\/ca\/empreses-plaques-solars-i-installacions-fotovoltaiques-per-a-empreses\/\" >\t<div class=\"icon-box featured-box icon-box-center text-center\"  >\n\t\t\t\t\t<div class=\"icon-box-img\" style=\"width: 60px\">\n\t\t\t\t<div class=\"icon\">\n\t\t\t\t\t<div class=\"icon-inner\" >\n\t\t\t\t\t\t<img loading=\"lazy\" decoding=\"async\" width=\"52\" height=\"52\" src=\"https:\/\/test.vivimsolar.cat\/wp-content\/uploads\/2025\/01\/leaf-line-1.png\" class=\"attachment-medium size-medium\" alt=\"\" \/>\t\t\t\t\t<\/div>\n\t\t\t\t<\/div>\n\t\t\t<\/div>\n\t\t\t\t<div class=\"icon-box-text last-reset\">\n\t\t\t\t\t\t\t\t\t\n\n\t<div id=\"text-637437383\" class=\"text\">\n\t\t\n\n<h3 style=\"text-align: center;\">Empreses<\/h3>\n\t\t\n<style>\n#text-637437383 {\n  color: rgb(255,255,255);\n}\n#text-637437383 > * {\n  color: rgb(255,255,255);\n}\n<\/style>\n\t<\/div>\n\t\n\n\t\t<\/div>\n\t<\/div>\n\t<\/a>\n\t\n\n\t\t<\/div>\n\t\t\t\t\t<\/div>\n\n\t\n\n\t<div id=\"col-2077220322\" class=\"col medium-4 small-12 large-4\"  >\n\t\t\t\t<div class=\"col-inner\"  >\n\t\t\t\n\t\t\t\n\n\n\t<a class=\"plain\" href=\"https:\/\/test.vivimsolar.cat\/ca\/comunitats-plaques-solars-i-autoconsum-per-a-comunitats\/\" >\t<div class=\"icon-box featured-box icon-box-center text-center\"  >\n\t\t\t\t\t<div class=\"icon-box-img\" style=\"width: 60px\">\n\t\t\t\t<div class=\"icon\">\n\t\t\t\t\t<div class=\"icon-inner\" >\n\t\t\t\t\t\t<img loading=\"lazy\" decoding=\"async\" width=\"256\" height=\"256\" src=\"https:\/\/test.vivimsolar.cat\/wp-content\/uploads\/2025\/01\/edificio.png\" class=\"attachment-medium size-medium\" alt=\"\" srcset=\"https:\/\/test.vivimsolar.cat\/wp-content\/uploads\/2025\/01\/edificio.png 256w, https:\/\/test.vivimsolar.cat\/wp-content\/uploads\/2025\/01\/edificio-150x150.png 150w\" sizes=\"auto, (max-width: 256px) 100vw, 256px\" \/>\t\t\t\t\t<\/div>\n\t\t\t\t<\/div>\n\t\t\t<\/div>\n\t\t\t\t<div class=\"icon-box-text last-reset\">\n\t\t\t\t\t\t\t\t\t\n\n\t<div id=\"text-4251515119\" class=\"text 3-row-home\">\n\t\t\n\n<h3 style=\"text-align: center;\">Comunitats<\/h3>\n\t\t\n<style>\n#text-4251515119 {\n  color: rgb(255,255,255);\n}\n#text-4251515119 > * {\n  color: rgb(255,255,255);\n}\n<\/style>\n\t<\/div>\n\t\n\n\t\t<\/div>\n\t<\/div>\n\t<\/a>\n\t\n\n\t\t<\/div>\n\t\t\t\t\t<\/div>\n\n\t\n\n<\/div>\n\n\t\t<\/div>\n\n\t\t\n<style>\n#section_1341705891 {\n  padding-top: 30px;\n  padding-bottom: 30px;\n  background-color: rgba(255, 82, 22, 0.762);\n}\n<\/style>\n\t<\/section>\n\t\n\n\t<section class=\"section show-for-medium\" id=\"section_263327632\">\n\t\t<div class=\"section-bg fill\" >\n\t\t\t\t\t\t\t\t\t\n\t\t\t\n\n\t\t<\/div>\n\n\t\t\n\n\t\t<div class=\"section-content relative\">\n\t\t\t\n\n<div class=\"row row-collapse row-solid\"  id=\"row-1807269559\">\n\n\n\t<div id=\"col-288485177\" class=\"col medium-4 small-4 large-4\"  >\n\t\t\t\t<div class=\"col-inner text-center\"  >\n\t\t\t\n\t\t\t\n\n\n\t\t<div class=\"icon-box featured-box icon-box-left text-left\"  style=\"margin:0px 0px 0px 0px;\">\n\t\t\t\t<div class=\"icon-box-text last-reset\">\n\t\t\t\t\t\t\t\t\t\n\n\t<div id=\"text-3433307522\" class=\"text\">\n\t\t\n\n<h3 style=\"text-align: center;\"><span style=\"color: #c0c0c0;\"><a style=\"color: #fff;\" href=\"https:\/\/test.vivimsolar.cat\/ca\/llar-plaques-solars-i-autoconsum-solar-per-a-casa\/\">Llar<\/a><\/span><\/h3>\n\t\t\n<style>\n#text-3433307522 {\n  line-height: 1;\n  color: rgb(255,255,255);\n}\n#text-3433307522 > * {\n  color: rgb(255,255,255);\n}\n<\/style>\n\t<\/div>\n\t\n\n\t\t<\/div>\n\t<\/div>\n\t\n\t\n\n\t\t<\/div>\n\t\t\t\t\n<style>\n#col-288485177 > .col-inner {\n  padding: 10px 0px -10px 0px;\n}\n<\/style>\n\t<\/div>\n\n\t\n\n\t<div id=\"col-842856076\" class=\"col medium-4 small-4 large-4\"  >\n\t\t\t\t<div class=\"col-inner\"  >\n\t\t\t\n\t\t\t\n\n\n\t\t<div class=\"icon-box featured-box icon-box-center text-center\"  >\n\t\t\t\t<div class=\"icon-box-text last-reset\">\n\t\t\t\t\t\t\t\t\t\n\n\t<div id=\"text-3805346406\" class=\"text\">\n\t\t\n\n<h3 style=\"text-align: center;\"><span style=\"color: #c0c0c0;\"><a style=\"color: #ffffff;\" href=\"https:\/\/test.vivimsolar.cat\/ca\/empreses-plaques-solars-i-installacions-fotovoltaiques-per-a-empreses\/\">Empreses<\/a><\/span><\/h3>\n\t\t\n<style>\n#text-3805346406 {\n  line-height: 1;\n  color: rgb(255,255,255);\n}\n#text-3805346406 > * {\n  color: rgb(255,255,255);\n}\n<\/style>\n\t<\/div>\n\t\n\n\t\t<\/div>\n\t<\/div>\n\t\n\t\n\n\t\t<\/div>\n\t\t\t\t\n<style>\n#col-842856076 > .col-inner {\n  padding: 0px 0px -10px 0px;\n}\n<\/style>\n\t<\/div>\n\n\t\n\n\t<div id=\"col-1409840690\" class=\"col medium-4 small-4 large-4\"  >\n\t\t\t\t<div class=\"col-inner\"  >\n\t\t\t\n\t\t\t\n\n\n\t\t<div class=\"icon-box featured-box icon-box-center text-center\"  >\n\t\t\t\t<div class=\"icon-box-text last-reset\">\n\t\t\t\t\t\t\t\t\t\n\n\t<div id=\"text-3569111955\" class=\"text 3-row-home\">\n\t\t\n\n<h3 style=\"text-align: center;\"><span style=\"color: #c0c0c0;\"><a style=\"color: #ffffff;\" href=\"https:\/\/test.vivimsolar.cat\/ca\/comunitats-plaques-solars-i-autoconsum-per-a-comunitats\/\">Comunitats<\/a><\/span><\/h3>\n\t\t\n<style>\n#text-3569111955 {\n  line-height: 1;\n  color: rgb(255,255,255);\n}\n#text-3569111955 > * {\n  color: rgb(255,255,255);\n}\n<\/style>\n\t<\/div>\n\t\n\n\t\t<\/div>\n\t<\/div>\n\t\n\t\n\n\t\t<\/div>\n\t\t\t\t\n<style>\n#col-1409840690 > .col-inner {\n  padding: 0px 0px -10px 0px;\n}\n<\/style>\n\t<\/div>\n\n\t\n\n<\/div>\n\n\t\t<\/div>\n\n\t\t\n<style>\n#section_263327632 {\n  padding-top: 30px;\n  padding-bottom: 30px;\n  background-color: rgba(255, 82, 22, 0.762);\n}\n@media (min-width:550px) {\n  #section_263327632 {\n    padding-top: 30px;\n    padding-bottom: 30px;\n  }\n}\n<\/style>\n\t<\/section>\n\t\n\n\t<section class=\"section\" id=\"section_1587761230\">\n\t\t<div class=\"section-bg fill\" >\n\t\t\t\t\t\t\t\t\t<div class=\"section-bg-overlay absolute fill\"><\/div>\n\t\t\t\n\n\t\t<\/div>\n\n\t\t\n\n\t\t<div class=\"section-content relative\">\n\t\t\t\n\n<div class=\"row row-large align-middle\"  id=\"row-2125978347\">\n\n\n\t<div id=\"col-1385792811\" class=\"col medium-8 small-12 large-8\"  >\n\t\t\t\t<div class=\"col-inner\"  >\n\t\t\t\n\t\t\t\n\n\t<div class=\"img has-hover x md-x lg-x y md-y lg-y\" id=\"image_474676452\">\n\t\t\t\t\t\t\t\t<div class=\"img-inner dark\" >\n\t\t\t<img loading=\"lazy\" decoding=\"async\" width=\"873\" height=\"532\" src=\"https:\/\/test.vivimsolar.cat\/wp-content\/uploads\/2025\/01\/Rectangle-6.png\" class=\"attachment-large size-large\" alt=\"\" srcset=\"https:\/\/test.vivimsolar.cat\/wp-content\/uploads\/2025\/01\/Rectangle-6.png 873w, https:\/\/test.vivimsolar.cat\/wp-content\/uploads\/2025\/01\/Rectangle-6-300x183.png 300w, https:\/\/test.vivimsolar.cat\/wp-content\/uploads\/2025\/01\/Rectangle-6-768x468.png 768w\" sizes=\"auto, (max-width: 873px) 100vw, 873px\" \/>\t\t\t\t\t\t\n\t\t\t\t\t<\/div>\n\t\t\t\t\t\t\t\t\n<style>\n#image_474676452 {\n  width: 100%;\n}\n<\/style>\n\t<\/div>\n\t\n\n\n\t\t<\/div>\n\t\t\t\t\t<\/div>\n\n\t\n\n\t<div id=\"col-322086549\" class=\"col medium-4 small-12 large-4 small-col-first\"  >\n\t\t\t\t<div class=\"col-inner text-left\"  >\n\t\t\t\n\t\t\t\n\n\t<div id=\"text-68388850\" class=\"text\">\n\t\t\n\n<h3 class=\"uppercase\"><strong>Energia per a un futur Brillant<\/strong><\/h3>\n\t\t\n<style>\n#text-68388850 {\n  font-size: 0.75rem;\n  color: #ff5216;\n}\n#text-68388850 > * {\n  color: #ff5216;\n}\n<\/style>\n\t<\/div>\n\t\n\t<div id=\"text-1231354950\" class=\"text\">\n\t\t\n\n<h2>Especialistes en energia Solar<\/h2>\n\t\t\n<style>\n#text-1231354950 {\n  font-size: 1.65rem;\n}\n<\/style>\n\t<\/div>\n\t\n<section class=\"wrapMax AD_titles\">\n<div class=\"wrap\">\n<div class=\"heading-title\">\n<div>Per a cases, comunitats i empreses, autoconsum f\u00e0cil.<\/div>\n<\/div>\n<\/div>\n<\/section>\n<section class=\"wrapMax buc_text\">\n<div class=\"wrap\">\n<div class=\"txt uxtxt_2\">\n<div>M\u00e9s de <strong>7 anys oferint<\/strong> serveis d&#8217; <strong>enginyeria i instal\u00b7laci\u00f3 de plaques solars fotovoltaiques<\/strong> amb la <strong>m\u00e0xima qualitat i servei.<\/strong><br> El nostre principal objectiu \u00e9s la <strong>satisfacci\u00f3 dels nostres clients<\/strong> . M\u00e9s de <strong>500 projectes<\/strong> al sector <strong>residencial i industrial<\/strong> ens avalen. <\/div>\n<div> <\/div>\n<\/div>\n<\/div>\n<\/section>\n<a href=\"https:\/\/test.vivimsolar.cat\/ca\/contacte\/\" class=\"button primary\"  >\n\t\t<span>M\u00e9s Info<\/span>\n\t<\/a>\n\n\n\n\t\t<\/div>\n\t\t\t\t\t<\/div>\n\n\t\n\n<\/div>\n\n\t\t<\/div>\n\n\t\t\n<style>\n#section_1587761230 {\n  padding-top: 15px;\n  padding-bottom: 15px;\n  background-color: rgb(255,255,255);\n}\n#section_1587761230 .section-bg-overlay {\n  background-color: rgba(255, 255, 255, 0.85);\n}\n@media (min-width:550px) {\n  #section_1587761230 {\n    padding-top: 60px;\n    padding-bottom: 60px;\n  }\n}\n<\/style>\n\t<\/section>\n\t\n\n\t<section class=\"section\" id=\"section_1100374314\">\n\t\t<div class=\"section-bg fill\" >\n\t\t\t\t\t\t\t\t\t\n\t\t\t\n\n\t\t<\/div>\n\n\t\t\n\n\t\t<div class=\"section-content relative\">\n\t\t\t\n\n<div class=\"row\"  id=\"row-1104650753\">\n\n\n\t<div id=\"col-983098586\" class=\"col small-12 large-12\"  >\n\t\t\t\t<div class=\"col-inner\"  >\n\t\t\t\n\t\t\t\n\n\t<div id=\"text-2303467267\" class=\"text\">\n\t\t\n\n<h3 class=\"uppercase\"><strong>Energia per a un futur Brillant<\/strong><\/h3>\n\t\t\n<style>\n#text-2303467267 {\n  font-size: 0.75rem;\n  text-align: center;\n  color: #ff5216;\n}\n#text-2303467267 > * {\n  color: #ff5216;\n}\n<\/style>\n\t<\/div>\n\t\n\t<div id=\"text-1898408798\" class=\"text\">\n\t\t\n\n<h2 style=\"text-align: center;\">Especialistes en energia solar<\/h2>\n\t\t\n<style>\n#text-1898408798 {\n  font-size: 1.65rem;\n}\n<\/style>\n\t<\/div>\n\t\n\n\t\t<\/div>\n\t\t\t\t\t<\/div>\n\n\t\n\n<\/div>\n<div class=\"row row-collapse\"  id=\"row-725221393\">\n\n\n\t<div id=\"col-962488242\" class=\"col medium-4 small-4 large-4\"  >\n\t\t\t\t<div class=\"col-inner\"  >\n\t\t\t\n\t\t\t\n\n\n  <div class=\"banner has-hover\" id=\"banner-829837541\">\n          <div class=\"banner-inner fill\">\n        <div class=\"banner-bg fill\" >\n            <img loading=\"lazy\" decoding=\"async\" width=\"427\" height=\"427\" src=\"https:\/\/test.vivimsolar.cat\/wp-content\/uploads\/2025\/01\/Rectangle-8.png\" class=\"bg attachment-large size-large\" alt=\"\" \/>                                    \n                    <\/div>\n\t\t\n        <div class=\"banner-layers container\">\n            <a class=\"fill\" href=\"https:\/\/test.vivimsolar.cat\/ca\/llar-plaques-solars-i-autoconsum-solar-per-a-casa\/\" ><div class=\"fill banner-link\"><\/div><\/a>            \n\n   <div id=\"text-box-1581929294\" class=\"text-box banner-layer x50 md-x50 lg-x50 y90 md-y90 lg-y90 res-text\">\n                                <div class=\"text-box-content text dark\">\n              \n              <div class=\"text-inner text-center\">\n                  \n\n\t<div id=\"text-1448222380\" class=\"text\">\n\t\t\n\n<h2>Llar<\/h2>\n\t\t\n<style>\n#text-1448222380 {\n  text-align: center;\n}\n<\/style>\n\t<\/div>\n\t\n\n              <\/div>\n           <\/div>\n                            \n<style>\n#text-box-1581929294 {\n  width: 100%;\n}\n#text-box-1581929294 .text-box-content {\n  font-size: 80%;\n}\n@media (min-width:550px) {\n  #text-box-1581929294 {\n    width: 60%;\n  }\n  #text-box-1581929294 .text-box-content {\n    font-size: 100%;\n  }\n}\n<\/style>\n    <\/div>\n \n\n        <\/div>\n      <\/div>\n\n            \n<style>\n#banner-829837541 {\n  padding-top: 99.99%;\n}\n<\/style>\n  <\/div>\n\n\n\n\t\t<\/div>\n\t\t\t\t\t<\/div>\n\n\t\n\n\t<div id=\"col-1321336260\" class=\"col medium-4 small-4 large-4\"  >\n\t\t\t\t<div class=\"col-inner\"  >\n\t\t\t\n\t\t\t\n\n\n  <div class=\"banner has-hover\" id=\"banner-1976776505\">\n          <div class=\"banner-inner fill\">\n        <div class=\"banner-bg fill\" >\n            <img loading=\"lazy\" decoding=\"async\" width=\"427\" height=\"427\" src=\"https:\/\/test.vivimsolar.cat\/wp-content\/uploads\/2025\/01\/Rectangle-9.png\" class=\"bg attachment-large size-large\" alt=\"\" \/>                                    \n                    <\/div>\n\t\t\n        <div class=\"banner-layers container\">\n            <a class=\"fill\" href=\"https:\/\/test.vivimsolar.cat\/ca\/empreses-plaques-solars-i-installacions-fotovoltaiques-per-a-empreses\/\" ><div class=\"fill banner-link\"><\/div><\/a>            \n\n   <div id=\"text-box-695057005\" class=\"text-box banner-layer x50 md-x50 lg-x50 y90 md-y90 lg-y90 res-text\">\n                                <div class=\"text-box-content text dark\">\n              \n              <div class=\"text-inner text-center\">\n                  \n\n\t<div id=\"text-1658050135\" class=\"text\">\n\t\t\n\n<h2>Empreses<\/h2>\n\t\t\n<style>\n#text-1658050135 {\n  text-align: center;\n}\n<\/style>\n\t<\/div>\n\t\n\n              <\/div>\n           <\/div>\n                            \n<style>\n#text-box-695057005 {\n  width: 100%;\n}\n#text-box-695057005 .text-box-content {\n  font-size: 80%;\n}\n@media (min-width:550px) {\n  #text-box-695057005 {\n    width: 60%;\n  }\n  #text-box-695057005 .text-box-content {\n    font-size: 100%;\n  }\n}\n<\/style>\n    <\/div>\n \n\n        <\/div>\n      <\/div>\n\n            \n<style>\n#banner-1976776505 {\n  padding-top: 99.99%;\n}\n<\/style>\n  <\/div>\n\n\n\n\t\t<\/div>\n\t\t\t\t\t<\/div>\n\n\t\n\n\t<div id=\"col-710311996\" class=\"col medium-4 small-4 large-4\"  >\n\t\t\t\t<div class=\"col-inner\"  >\n\t\t\t\n\t\t\t\n\n\n  <div class=\"banner has-hover\" id=\"banner-823484496\">\n          <div class=\"banner-inner fill\">\n        <div class=\"banner-bg fill\" >\n            <img loading=\"lazy\" decoding=\"async\" width=\"427\" height=\"427\" src=\"https:\/\/test.vivimsolar.cat\/wp-content\/uploads\/2025\/01\/Rectangle-10.png\" class=\"bg attachment-large size-large\" alt=\"\" \/>                                    \n                    <\/div>\n\t\t\n        <div class=\"banner-layers container\">\n            <a class=\"fill\" href=\"https:\/\/test.vivimsolar.cat\/ca\/comunitats-plaques-solars-i-autoconsum-per-a-comunitats\/\" ><div class=\"fill banner-link\"><\/div><\/a>            \n\n   <div id=\"text-box-103107090\" class=\"text-box banner-layer x50 md-x50 lg-x50 y90 md-y90 lg-y90 res-text\">\n                                <div class=\"text-box-content text dark\">\n              \n              <div class=\"text-inner text-center\">\n                  \n\n\t<div id=\"text-397430275\" class=\"text\">\n\t\t\n\n<h2>Comunitats<\/h2>\n\t\t\n<style>\n#text-397430275 {\n  text-align: center;\n}\n<\/style>\n\t<\/div>\n\t\n\n              <\/div>\n           <\/div>\n                            \n<style>\n#text-box-103107090 {\n  width: 100%;\n}\n#text-box-103107090 .text-box-content {\n  font-size: 70%;\n}\n@media (min-width:550px) {\n  #text-box-103107090 {\n    width: 60%;\n  }\n  #text-box-103107090 .text-box-content {\n    font-size: 100%;\n  }\n}\n<\/style>\n    <\/div>\n \n\n        <\/div>\n      <\/div>\n\n            \n<style>\n#banner-823484496 {\n  padding-top: 99.99%;\n}\n<\/style>\n  <\/div>\n\n\n\n\t\t<\/div>\n\t\t\t\t\t<\/div>\n\n\t\n\n\n<style>\n#row-725221393 > .col > .col-inner {\n  padding: 0px 5px 0px 5px;\n}\n@media (min-width:550px) {\n  #row-725221393 > .col > .col-inner {\n    padding: 0px 7px 0px 7px;\n  }\n}\n<\/style>\n<\/div>\n\n\t\t<\/div>\n\n\t\t\n<style>\n#section_1100374314 {\n  padding-top: 30px;\n  padding-bottom: 30px;\n}\n<\/style>\n\t<\/section>\n\t\n\n\t<section class=\"section\" id=\"section_1296165346\">\n\t\t<div class=\"section-bg fill\" >\n\t\t\t\t\t\t\t\t\t\n\t\t\t\n\n\t\t<\/div>\n\n\t\t\n\n\t\t<div class=\"section-content relative\">\n\t\t\t\n\n\t<div id=\"text-2386649578\" class=\"text\">\n\t\t\n\n<h2 style=\"text-align: center;\">Opinions Vivim Solar<\/h2>\n\t\t\n<style>\n#text-2386649578 {\n  font-size: 1.65rem;\n}\n<\/style>\n\t<\/div>\n\t\n\t<div id=\"text-2438802076\" class=\"text\">\n\t\t\n\n<h3 class=\"uppercase\"><a href=\"https:\/\/www.google.com\/search?sca_esv=fd40bbb914dc0882&amp;hl=es-ES&amp;gl=es&amp;sxsrf=AHTn8zrukg7zQicWh8YnclHIq83uLPkr8w:1747229763431&amp;q=vivim+solar&amp;si=APYL9bs7Hg2KMLB-4tSoTdxuOx8BdRvHbByC_AuVpNyh0x2KzY0Lun3C7zSI1dfxMA1uw-bajD1gnTOR5QRi_cjq0wvZNyOivDIYnSrqHoyMo5uhxTRTvso%3D&amp;uds=ABqPDvz1wfZffINwdVi1JpWbaevCr4Z5sAcNax-J7GajXKaq0QwDAJG2XxgocQNNY5iok6CXANux4sfUXMmVrABLPV1WhL9ATd-0V0LzbMd5V0r5usU4aCQ&amp;sa=X&amp;ved=2ahUKEwiyvo-LiqONAxVdBfsDHbJkASwQ3PALegQIGhAE&amp;biw=1920&amp;bih=883&amp;dpr=1\"><strong>Veure Totes les opinions  &gt;<\/strong><\/a><\/h3>\n\t\t\n<style>\n#text-2438802076 {\n  font-size: 0.75rem;\n  text-align: center;\n  color: #ff5216;\n}\n#text-2438802076 > * {\n  color: #ff5216;\n}\n<\/style>\n\t<\/div>\n\t\n\n\t\t<\/div>\n\n\t\t\n<style>\n#section_1296165346 {\n  padding-top: 30px;\n  padding-bottom: 30px;\n}\n<\/style>\n\t<\/section>\n\t\n<div class=\"slider-wrapper relative\" id=\"slider-2050103862\" >\n    <div class=\"slider slider-nav-circle slider-nav-large slider-nav-light slider-style-normal\"\n        data-flickity-options='{\n            \"cellAlign\": \"center\",\n            \"imagesLoaded\": true,\n            \"lazyLoad\": 1,\n            \"freeScroll\": false,\n            \"wrapAround\": true,\n            \"autoPlay\": 6000,\n            \"pauseAutoPlayOnHover\" : true,\n            \"prevNextButtons\": true,\n            \"contain\" : true,\n            \"adaptiveHeight\" : true,\n            \"dragThreshold\" : 10,\n            \"percentPosition\": true,\n            \"pageDots\": true,\n            \"rightToLeft\": false,\n            \"draggable\": true,\n            \"selectedAttraction\": 0.1,\n            \"parallax\" : 0,\n            \"friction\": 0.6        }'\n        >\n        \n\n\n  <div class=\"banner has-hover\" id=\"banner-1544130958\">\n          <div class=\"banner-inner fill\">\n        <div class=\"banner-bg fill\" >\n            <img loading=\"lazy\" decoding=\"async\" width=\"1020\" height=\"446\" src=\"https:\/\/test.vivimsolar.cat\/wp-content\/uploads\/2025\/01\/Rectangle-12-1024x448.png\" class=\"bg attachment-large size-large\" alt=\"\" \/>                                    \n                    <\/div>\n\t\t\n        <div class=\"banner-layers container\">\n            <div class=\"fill banner-link\"><\/div>            \n\n   <div id=\"text-box-959251199\" class=\"text-box banner-layer x50 md-x50 lg-x50 y50 md-y50 lg-y50 res-text\">\n                                <div class=\"text-box-content text dark\">\n              \n              <div class=\"text-inner text-center\">\n                  \n\n<div class=\"row\"  id=\"row-2059113011\">\n\n\n\t<div id=\"col-1926833049\" class=\"col small-12 large-12\"  >\n\t\t\t\t<div class=\"col-inner\" style=\"background-color:rgba(255, 82, 22, 0.61);\" >\n\t\t\t\n\t\t\t\n\n  <div class=\"icon-box testimonial-box icon-box-center text-center\">\n                <div class=\"icon-box-img testimonial-image circle\" style=\"width: 46px\">\n              <img loading=\"lazy\" decoding=\"async\" width=\"52\" height=\"52\" src=\"https:\/\/test.vivimsolar.cat\/wp-content\/uploads\/2025\/01\/leaf-line-1.png\" class=\"attachment-thumbnail size-thumbnail\" alt=\"\" \/>        <\/div>\n                <div class=\"icon-box-text p-last-0\">\n          <div class=\"star-rating\"><span style=\"width:100%\"><strong class=\"rating\"><\/strong><\/span><\/div>  \t\t\t\t<div class=\"testimonial-text line-height-small italic test_text first-reset last-reset is-italic\">\n            \n\n<h3>Una companyia molt professional<\/h3>\n<p>Una companyia molt professional, seriosa i molt a prop del client. Des de l&#8217;assessorament, la instal\u00b7laci\u00f3 i el tr\u00e0mit de documentaci\u00f3 els dono un 10. Estem molt contents d&#8217;haver realitzat el projecte amb ells.  <\/p>\n\n          <\/div>\n          <div class=\"testimonial-meta pt-half\">\n             <strong class=\"testimonial-name test_name\">Mario<\/strong>\n                          <span class=\"testimonial-company test_company\"><\/span>\n          <\/div>\n        <\/div>\n  <\/div>\n\n  \n\n\t\t<\/div>\n\t\t\t\t\n<style>\n#col-1926833049 > .col-inner {\n  padding: 30px 30px 30px 30px;\n}\n@media (min-width:550px) {\n  #col-1926833049 > .col-inner {\n    padding: 30px 100px 30px 100px;\n  }\n}\n<\/style>\n\t<\/div>\n\n\t\n\n<\/div>\n\n              <\/div>\n           <\/div>\n                            \n<style>\n#text-box-959251199 {\n  width: 90%;\n}\n#text-box-959251199 .text-box-content {\n  font-size: 100%;\n}\n<\/style>\n    <\/div>\n \n\n        <\/div>\n      <\/div>\n\n            \n<style>\n#banner-1544130958 {\n  padding-top: 500px;\n}\n<\/style>\n  <\/div>\n\n\n\n  <div class=\"banner has-hover\" id=\"banner-162087842\">\n          <div class=\"banner-inner fill\">\n        <div class=\"banner-bg fill\" >\n            <img loading=\"lazy\" decoding=\"async\" width=\"1020\" height=\"446\" src=\"https:\/\/test.vivimsolar.cat\/wp-content\/uploads\/2025\/01\/Rectangle-12-1024x448.png\" class=\"bg attachment-large size-large\" alt=\"\" \/>                                    \n                    <\/div>\n\t\t\n        <div class=\"banner-layers container\">\n            <div class=\"fill banner-link\"><\/div>            \n\n   <div id=\"text-box-529622385\" class=\"text-box banner-layer x50 md-x50 lg-x50 y50 md-y50 lg-y50 res-text\">\n                                <div class=\"text-box-content text dark\">\n              \n              <div class=\"text-inner text-center\">\n                  \n\n<div class=\"row\"  id=\"row-1927396829\">\n\n\n\t<div id=\"col-795395322\" class=\"col small-12 large-12\"  >\n\t\t\t\t<div class=\"col-inner\" style=\"background-color:rgba(255, 82, 22, 0.61);\" >\n\t\t\t\n\t\t\t\n\n  <div class=\"icon-box testimonial-box icon-box-center text-center\">\n                <div class=\"icon-box-img testimonial-image circle\" style=\"width: 46px\">\n              <img loading=\"lazy\" decoding=\"async\" width=\"52\" height=\"52\" src=\"https:\/\/test.vivimsolar.cat\/wp-content\/uploads\/2025\/01\/leaf-line-1.png\" class=\"attachment-thumbnail size-thumbnail\" alt=\"\" \/>        <\/div>\n                <div class=\"icon-box-text p-last-0\">\n          <div class=\"star-rating\"><span style=\"width:100%\"><strong class=\"rating\"><\/strong><\/span><\/div>  \t\t\t\t<div class=\"testimonial-text line-height-small italic test_text first-reset last-reset is-italic\">\n            \n\n<h3>Un 10 a tot l?equip.<\/h3>\n<p>Ja fa m\u00e9s de 4 mesos que s\u00f3c amb la instal\u00b7laci\u00f3 feta per Vivim Solar. Estem encantats. La instal\u00b7laci\u00f3 va ser impecable. \u00c0gil, treball fi, tot va quedar perfecte i funciona correctament. Els recomano al 100%.    <\/p>\n<p>A nivell paperassa, es van encarregar de tot, i va ser rapid\u00edssim.<\/p><\/p>\n\n          <\/div>\n          <div class=\"testimonial-meta pt-half\">\n             <strong class=\"testimonial-name test_name\">Aitrus<\/strong>\n             <span class=\"testimonial-name-divider\"> \/ <\/span>             <span class=\"testimonial-company test_company\">Aitrus<\/span>\n          <\/div>\n        <\/div>\n  <\/div>\n\n  \n\n\t\t<\/div>\n\t\t\t\t\n<style>\n#col-795395322 > .col-inner {\n  padding: 30px 30px 30px 30px;\n}\n@media (min-width:550px) {\n  #col-795395322 > .col-inner {\n    padding: 30px 100px 30px 100px;\n  }\n}\n<\/style>\n\t<\/div>\n\n\t\n\n<\/div>\n\n              <\/div>\n           <\/div>\n                            \n<style>\n#text-box-529622385 {\n  width: 90%;\n}\n#text-box-529622385 .text-box-content {\n  font-size: 100%;\n}\n<\/style>\n    <\/div>\n \n\n        <\/div>\n      <\/div>\n\n            \n<style>\n#banner-162087842 {\n  padding-top: 500px;\n}\n<\/style>\n  <\/div>\n\n\n\n     <\/div>\n\n     <div class=\"loading-spin dark large centered\"><\/div>\n\n\t<\/div>\n\n\n\n\t<section class=\"section\" id=\"section_1967168291\">\n\t\t<div class=\"section-bg fill\" >\n\t\t\t\t\t\t\t\t\t<div class=\"section-bg-overlay absolute fill\"><\/div>\n\t\t\t\n\n\t\t<\/div>\n\n\t\t\n\n\t\t<div class=\"section-content relative\">\n\t\t\t\n\n<div class=\"row row-large align-middle\"  id=\"row-296037894\">\n\n\n\t<div id=\"col-1250387441\" class=\"col medium-4 small-12 large-4\"  >\n\t\t\t\t<div class=\"col-inner text-left\"  >\n\t\t\t\n\t\t\t\n\n\t<div id=\"text-904707506\" class=\"text\">\n\t\t\n\n<h3 class=\"uppercase\"><strong>Energia per a un futur Brillant<\/strong><\/h3>\n\t\t\n<style>\n#text-904707506 {\n  font-size: 0.75rem;\n  color: #ff5216;\n}\n#text-904707506 > * {\n  color: #ff5216;\n}\n<\/style>\n\t<\/div>\n\t\n\t<div id=\"text-2350645576\" class=\"text\">\n\t\t\n\n<h2>Solucions d&#8217;altes prestacions<\/h2>\n\t\t\n<style>\n#text-2350645576 {\n  font-size: 1.65rem;\n}\n<\/style>\n\t<\/div>\n\t\n<section class=\"wrapMax AD_titles\">\n<div class=\"wrap\">\n<div class=\"heading-title\">\n<div><strong>Vivim Solar, solucions d&#8217;altes prestacions per al teu projecte fotovoltaic clau en m\u00e0.<\/strong><\/div>\n<\/div>\n<\/div>\n<\/section>\n<section class=\"wrapMax AD_titles\">\n<div class=\"wrap\">\n<div class=\"heading-title\">\n<div>Desenvolupem projectes fotovoltaics des de l&#8217;enginyeria fins a la <strong>instal\u00b7laci\u00f3, la legalitzaci\u00f3 i el manteniment<\/strong> . Treballem amb personal propi a totes les etapes del projecte. <\/div>\n<div> <\/div>\n<\/div>\n<\/div>\n<\/section>\n<a href=\"https:\/\/test.vivimsolar.cat\/ca\/contacte\/\" class=\"button primary\"  >\n\t\t<span>M\u00e9s Info<\/span>\n\t<\/a>\n\n\n\n\t\t<\/div>\n\t\t\t\t\t<\/div>\n\n\t\n\n\t<div id=\"col-1224499006\" class=\"col medium-8 small-12 large-8\"  >\n\t\t\t\t<div class=\"col-inner\"  >\n\t\t\t\n\t\t\t\n\n\t<div class=\"img has-hover x md-x lg-x y md-y lg-y\" id=\"image_2016703221\">\n\t\t\t\t\t\t\t\t<div class=\"img-inner dark\" >\n\t\t\t<img loading=\"lazy\" decoding=\"async\" width=\"873\" height=\"532\" src=\"https:\/\/test.vivimsolar.cat\/wp-content\/uploads\/2025\/01\/Rectangle-14-1.png\" class=\"attachment-large size-large\" alt=\"\" srcset=\"https:\/\/test.vivimsolar.cat\/wp-content\/uploads\/2025\/01\/Rectangle-14-1.png 873w, https:\/\/test.vivimsolar.cat\/wp-content\/uploads\/2025\/01\/Rectangle-14-1-300x183.png 300w, https:\/\/test.vivimsolar.cat\/wp-content\/uploads\/2025\/01\/Rectangle-14-1-768x468.png 768w\" sizes=\"auto, (max-width: 873px) 100vw, 873px\" \/>\t\t\t\t\t\t\n\t\t\t\t\t<\/div>\n\t\t\t\t\t\t\t\t\n<style>\n#image_2016703221 {\n  width: 100%;\n}\n<\/style>\n\t<\/div>\n\t\n\n\n\t\t<\/div>\n\t\t\t\t\t<\/div>\n\n\t\n\n<\/div>\n\n\t\t<\/div>\n\n\t\t\n<style>\n#section_1967168291 {\n  padding-top: 60px;\n  padding-bottom: 60px;\n  background-color: rgb(255,255,255);\n}\n#section_1967168291 .section-bg-overlay {\n  background-color: rgba(255, 255, 255, 0.85);\n}\n<\/style>\n\t<\/section>\n\t\n\n\t<section class=\"section\" id=\"section_206430541\">\n\t\t<div class=\"section-bg fill\" >\n\t\t\t\t\t\t\t\t\t\n\t\t\t\n\n\t\t<\/div>\n\n\t\t\n\n\t\t<div class=\"section-content relative\">\n\t\t\t\n\n\t<div id=\"text-165028813\" class=\"text\">\n\t\t\n\n<h3 class=\"uppercase\"><a href=\"https:\/\/test.vivimsolar.cat\/ca\/projectes-energia-solar\/\"><strong>Veure Tots els PROJECTES  &gt;<\/strong><\/a><\/h3>\n\t\t\n<style>\n#text-165028813 {\n  font-size: 0.75rem;\n  text-align: center;\n  color: rgb(255, 82, 22);\n}\n#text-165028813 > * {\n  color: rgb(255, 82, 22);\n}\n<\/style>\n\t<\/div>\n\t\n\t<div id=\"text-310991927\" class=\"text\">\n\t\t\n\n<h2 style=\"text-align: center;\">Projectes d&#8217;instal\u00b7lacions fotovoltaiques<\/h2>\n\t\t\n<style>\n#text-310991927 {\n  font-size: 1.65rem;\n}\n<\/style>\n\t<\/div>\n\t\n\n\t\t<\/div>\n\n\t\t\n<style>\n#section_206430541 {\n  padding-top: 30px;\n  padding-bottom: 30px;\n}\n<\/style>\n\t<\/section>\n\t\n<div class=\"row\"  id=\"row-1795819289\">\n\n\n\t<div id=\"col-158129742\" class=\"col medium-4 small-12 large-4\"  >\n\t\t\t\t<div class=\"col-inner\"  >\n\t\t\t\n\t\t\t\n\n\t<div class=\"img has-hover x md-x lg-x y md-y lg-y\" id=\"image_1007324206\">\n\t\t\t\t\t\t\t\t<div class=\"img-inner dark\" >\n\t\t\t<img loading=\"lazy\" decoding=\"async\" width=\"427\" height=\"427\" src=\"https:\/\/test.vivimsolar.cat\/wp-content\/uploads\/2025\/01\/Rectangle-16-1.png\" class=\"attachment-large size-large\" alt=\"\" srcset=\"https:\/\/test.vivimsolar.cat\/wp-content\/uploads\/2025\/01\/Rectangle-16-1.png 427w, https:\/\/test.vivimsolar.cat\/wp-content\/uploads\/2025\/01\/Rectangle-16-1-300x300.png 300w, https:\/\/test.vivimsolar.cat\/wp-content\/uploads\/2025\/01\/Rectangle-16-1-150x150.png 150w\" sizes=\"auto, (max-width: 427px) 100vw, 427px\" \/>\t\t\t\t\t\t\n\t\t\t\t\t<\/div>\n\t\t\t\t\t\t\t\t\n<style>\n#image_1007324206 {\n  width: 100%;\n}\n<\/style>\n\t<\/div>\n\t\n\n\t<div id=\"text-2375166067\" class=\"text\">\n\t\t\n\n<p class=\"uppercase thin-font\" style=\"text-align: center;\">Empresa<\/p>\n\t\t\n<style>\n#text-2375166067 {\n  color: #ff5216;\n}\n#text-2375166067 > * {\n  color: #ff5216;\n}\n<\/style>\n\t<\/div>\n\t\n<h3 style=\"text-align: center;\">Liasa<\/h3>\n\t<div id=\"text-2084409152\" class=\"text\">\n\t\t\n\n<p>Autoconsum industrial i marquesines fotovoltaiques de 178,45 kW<\/p>\n\t\t\n<style>\n#text-2084409152 {\n  text-align: center;\n}\n<\/style>\n\t<\/div>\n\t\n\n\t\t<\/div>\n\t\t\t\t\t<\/div>\n\n\t\n\n\t<div id=\"col-1716322320\" class=\"col medium-4 small-12 large-4\"  >\n\t\t\t\t<div class=\"col-inner\"  >\n\t\t\t\n\t\t\t\n\n\t<div class=\"img has-hover x md-x lg-x y md-y lg-y\" id=\"image_1847668998\">\n\t\t\t\t\t\t\t\t<div class=\"img-inner dark\" >\n\t\t\t<img loading=\"lazy\" decoding=\"async\" width=\"427\" height=\"427\" src=\"https:\/\/test.vivimsolar.cat\/wp-content\/uploads\/2025\/01\/Rectangle-17.png\" class=\"attachment-large size-large\" alt=\"\" srcset=\"https:\/\/test.vivimsolar.cat\/wp-content\/uploads\/2025\/01\/Rectangle-17.png 427w, https:\/\/test.vivimsolar.cat\/wp-content\/uploads\/2025\/01\/Rectangle-17-300x300.png 300w, https:\/\/test.vivimsolar.cat\/wp-content\/uploads\/2025\/01\/Rectangle-17-150x150.png 150w\" sizes=\"auto, (max-width: 427px) 100vw, 427px\" \/>\t\t\t\t\t\t\n\t\t\t\t\t<\/div>\n\t\t\t\t\t\t\t\t\n<style>\n#image_1847668998 {\n  width: 100%;\n}\n<\/style>\n\t<\/div>\n\t\n\n\t<div id=\"text-3612827407\" class=\"text\">\n\t\t\n\n<p class=\"uppercase thin-font\" style=\"text-align: center;\">Comunitats<\/p>\n\t\t\n<style>\n#text-3612827407 {\n  color: #ff5216;\n}\n#text-3612827407 > * {\n  color: #ff5216;\n}\n<\/style>\n\t<\/div>\n\t\n<h3 style=\"text-align: center;\">Joan Oliver<\/h3>\n\t<div id=\"text-51196631\" class=\"text\">\n\t\t\n\n<p>Sant Cugat del Vall\u00e8s<br> Autoconsum individual per<br> 5 ve\u00efns 4,15 Kw<\/p>\n\t\t\n<style>\n#text-51196631 {\n  text-align: center;\n}\n<\/style>\n\t<\/div>\n\t\n\n\t\t<\/div>\n\t\t\t\t\t<\/div>\n\n\t\n\n\t<div id=\"col-820480356\" class=\"col medium-4 small-12 large-4\"  >\n\t\t\t\t<div class=\"col-inner\"  >\n\t\t\t\n\t\t\t\n\n\t<div class=\"img has-hover x md-x lg-x y md-y lg-y\" id=\"image_294721569\">\n\t\t\t\t\t\t\t\t<div class=\"img-inner dark\" >\n\t\t\t<img loading=\"lazy\" decoding=\"async\" width=\"427\" height=\"427\" src=\"https:\/\/test.vivimsolar.cat\/wp-content\/uploads\/2025\/01\/Rectangle-18-1.png\" class=\"attachment-large size-large\" alt=\"\" srcset=\"https:\/\/test.vivimsolar.cat\/wp-content\/uploads\/2025\/01\/Rectangle-18-1.png 427w, https:\/\/test.vivimsolar.cat\/wp-content\/uploads\/2025\/01\/Rectangle-18-1-300x300.png 300w, https:\/\/test.vivimsolar.cat\/wp-content\/uploads\/2025\/01\/Rectangle-18-1-150x150.png 150w\" sizes=\"auto, (max-width: 427px) 100vw, 427px\" \/>\t\t\t\t\t\t\n\t\t\t\t\t<\/div>\n\t\t\t\t\t\t\t\t\n<style>\n#image_294721569 {\n  width: 100%;\n}\n<\/style>\n\t<\/div>\n\t\n\n\t<div id=\"text-480868230\" class=\"text\">\n\t\t\n\n<p class=\"uppercase thin-font\" style=\"text-align: center;\">Llar<\/p>\n\t\t\n<style>\n#text-480868230 {\n  color: #ff5216;\n}\n#text-480868230 > * {\n  color: #ff5216;\n}\n<\/style>\n\t<\/div>\n\t\n<h3 style=\"text-align: center;\">Rossinyol<\/h3>\n\t<div id=\"text-2330598011\" class=\"text\">\n\t\t\n\n<p>Sant Cugat del Vall\u00e8s<br> Autoconsum residencial de 9,75 kW<\/p>\n\t\t\n<style>\n#text-2330598011 {\n  text-align: center;\n}\n<\/style>\n\t<\/div>\n\t\n\n\t\t<\/div>\n\t\t\t\t\t<\/div>\n\n\t\n\n<\/div>\n<div class=\"row\"  id=\"row-1151752612\">\n\n\n\t<div id=\"col-264592612\" class=\"col small-12 large-12\"  >\n\t\t\t\t<div class=\"col-inner text-center\"  >\n\t\t\t\n\t\t\t\n\n<a href=\"https:\/\/test.vivimsolar.cat\/ca\/projectes-energia-solar\/\" class=\"button primary\"  >\n\t\t<span>Veure Totes<\/span>\n\t<\/a>\n\n\n\n\t\t<\/div>\n\t\t\t\t\t<\/div>\n\n\t\n\n<\/div>\n<div class=\"slider-wrapper relative\" id=\"slider-427412858\" >\n    <div class=\"slider slider-nav-circle slider-nav-large slider-nav-light slider-style-normal\"\n        data-flickity-options='{\n            \"cellAlign\": \"center\",\n            \"imagesLoaded\": true,\n            \"lazyLoad\": 1,\n            \"freeScroll\": false,\n            \"wrapAround\": true,\n            \"autoPlay\": 6000,\n            \"pauseAutoPlayOnHover\" : true,\n            \"prevNextButtons\": true,\n            \"contain\" : true,\n            \"adaptiveHeight\" : true,\n            \"dragThreshold\" : 10,\n            \"percentPosition\": true,\n            \"pageDots\": true,\n            \"rightToLeft\": false,\n            \"draggable\": true,\n            \"selectedAttraction\": 0.1,\n            \"parallax\" : 0,\n            \"friction\": 0.6        }'\n        >\n        \n\n\n  <div class=\"banner has-hover has-parallax\" id=\"banner-811452589\">\n          <div class=\"banner-inner fill\">\n        <div class=\"banner-bg fill\" data-parallax=\"-3\" data-parallax-container=\".banner\" data-parallax-background>\n            <img loading=\"lazy\" decoding=\"async\" width=\"1020\" height=\"446\" src=\"https:\/\/test.vivimsolar.cat\/wp-content\/uploads\/2025\/01\/Rectangle-12-1024x448.png\" class=\"bg attachment-large size-large\" alt=\"\" \/>                                    \n                    <\/div>\n\t\t\n        <div class=\"banner-layers container\">\n            <div class=\"fill banner-link\"><\/div>            \n\n   <div id=\"text-box-743018138\" class=\"text-box banner-layer x50 md-x50 lg-x50 y50 md-y50 lg-y50 res-text\">\n                                <div class=\"text-box-content text dark\">\n              \n              <div class=\"text-inner text-center\">\n                  \n\n<h3><span style=\"font-size: 120%;\"><strong>Finan\u00e7ament d&#8217;instal\u00b7lacions d&#8217;energia solar<\/strong><\/span><\/h3>\n<h4>Financeu fins al 100% de la seva instal\u00b7laci\u00f3 en fins a 120 mesos.<\/h4>\n<p>Pagueu la instal\u00b7laci\u00f3 fotovoltaica en en c\u00f2modes terminis amb Cetelem i Catalana de Serveis Financers.<\/p>\n\t<div class=\"img has-hover x md-x lg-x y md-y lg-y\" id=\"image_303788665\">\n\t\t\t\t\t\t\t\t<div class=\"img-inner dark\" >\n\t\t\t<img loading=\"lazy\" decoding=\"async\" width=\"526\" height=\"139\" src=\"https:\/\/test.vivimsolar.cat\/wp-content\/uploads\/2025\/01\/Group-8-3.png\" class=\"attachment-original size-original\" alt=\"\" srcset=\"https:\/\/test.vivimsolar.cat\/wp-content\/uploads\/2025\/01\/Group-8-3.png 526w, https:\/\/test.vivimsolar.cat\/wp-content\/uploads\/2025\/01\/Group-8-3-300x79.png 300w\" sizes=\"auto, (max-width: 526px) 100vw, 526px\" \/>\t\t\t\t\t\t\n\t\t\t\t\t<\/div>\n\t\t\t\t\t\t\t\t\n<style>\n#image_303788665 {\n  width: 64%;\n}\n@media (min-width:550px) {\n  #image_303788665 {\n    width: 49%;\n  }\n}\n<\/style>\n\t<\/div>\n\t\n\n\n              <\/div>\n           <\/div>\n                            \n<style>\n#text-box-743018138 {\n  width: 93%;\n}\n#text-box-743018138 .text-box-content {\n  font-size: 100%;\n}\n@media (min-width:550px) {\n  #text-box-743018138 {\n    width: 76%;\n  }\n}\n<\/style>\n    <\/div>\n \n\n        <\/div>\n      <\/div>\n\n            \n<style>\n#banner-811452589 {\n  padding-top: 337px;\n}\n@media (min-width:550px) {\n  #banner-811452589 {\n    padding-top: 630px;\n  }\n}\n<\/style>\n  <\/div>\n\n\n\n     <\/div>\n\n     <div class=\"loading-spin dark large centered\"><\/div>\n\n\t<\/div>\n\n\n\n\t<section class=\"section\" id=\"section_1266158149\">\n\t\t<div class=\"section-bg fill\" >\n\t\t\t\t\t\t\t\t\t<div class=\"section-bg-overlay absolute fill\"><\/div>\n\t\t\t\n\n\t\t<\/div>\n\n\t\t\n\n\t\t<div class=\"section-content relative\">\n\t\t\t\n\n<div class=\"row row-large align-middle\"  id=\"row-781777706\">\n\n\n\t<div id=\"col-294633049\" class=\"col medium-8 small-12 large-8\"  >\n\t\t\t\t<div class=\"col-inner\"  >\n\t\t\t\n\t\t\t\n\n\t<div class=\"img has-hover x md-x lg-x y md-y lg-y\" id=\"image_1118144276\">\n\t\t\t\t\t\t\t\t<div class=\"img-inner dark\" >\n\t\t\t<img loading=\"lazy\" decoding=\"async\" width=\"873\" height=\"532\" src=\"https:\/\/test.vivimsolar.cat\/wp-content\/uploads\/2025\/01\/Rectangle-20-1.png\" class=\"attachment-large size-large\" alt=\"\" srcset=\"https:\/\/test.vivimsolar.cat\/wp-content\/uploads\/2025\/01\/Rectangle-20-1.png 873w, https:\/\/test.vivimsolar.cat\/wp-content\/uploads\/2025\/01\/Rectangle-20-1-300x183.png 300w, https:\/\/test.vivimsolar.cat\/wp-content\/uploads\/2025\/01\/Rectangle-20-1-768x468.png 768w\" sizes=\"auto, (max-width: 873px) 100vw, 873px\" \/>\t\t\t\t\t\t\n\t\t\t\t\t<\/div>\n\t\t\t\t\t\t\t\t\n<style>\n#image_1118144276 {\n  width: 100%;\n}\n<\/style>\n\t<\/div>\n\t\n\n\n\t\t<\/div>\n\t\t\t\t\t<\/div>\n\n\t\n\n\t<div id=\"col-50036072\" class=\"col medium-4 small-12 large-4\"  >\n\t\t\t\t<div class=\"col-inner text-left\"  >\n\t\t\t\n\t\t\t\n\n\t<div id=\"text-822605108\" class=\"text\">\n\t\t\n\n<h3 class=\"uppercase\"><strong>Energia per a un futur Brillant<\/strong><\/h3>\n\t\t\n<style>\n#text-822605108 {\n  font-size: 0.75rem;\n  color: #ff5216;\n}\n#text-822605108 > * {\n  color: #ff5216;\n}\n<\/style>\n\t<\/div>\n\t\n\t<div id=\"text-2390914434\" class=\"text\">\n\t\t\n\n<h2>Per qu\u00e8 escollir<br> Vivim Solar?<\/h2>\n\t\t\n<style>\n#text-2390914434 {\n  font-size: 1.65rem;\n}\n<\/style>\n\t<\/div>\n\t\n<p>Escull Vivim Solar per la nostra experi\u00e8ncia en solucions fotovoltaiques personalitzades, adaptades a llars, empreses i comunitats.<br data-start=\"131\" data-end=\"134\"> Oferim un servei integral clau en m\u00e0 amb personal propi, materials d&#8217;alta qualitat i assessorament expert.<br data-start=\"253\" data-end=\"256\"> Amb nosaltres, estalvies des del primer dia i contribueixes a un futur m\u00e9s sostenible.<\/p>\n<a href=\"https:\/\/test.vivimsolar.cat\/ca\/contacte\/\" class=\"button primary\"  >\n\t\t<span>M\u00e9s Info<\/span>\n\t<\/a>\n\n\n\n\t\t<\/div>\n\t\t\t\t\t<\/div>\n\n\t\n\n<\/div>\n\n\t\t<\/div>\n\n\t\t\n<style>\n#section_1266158149 {\n  padding-top: 60px;\n  padding-bottom: 60px;\n  background-color: rgb(255,255,255);\n}\n#section_1266158149 .section-bg-overlay {\n  background-color: rgba(255, 255, 255, 0.85);\n}\n<\/style>\n\t<\/section>\n\t\n\n\t<section class=\"section\" id=\"section_1398665139\">\n\t\t<div class=\"section-bg fill\" >\n\t\t\t\t\t\t\t\t\t\n\t\t\t\n\n\t\t<\/div>\n\n\t\t\n\n\t\t<div class=\"section-content relative\">\n\t\t\t\n\n<div class=\"slider-wrapper relative\" id=\"slider-1717214031\" >\n    <div class=\"slider slider-nav-circle slider-nav-large slider-nav-light slider-style-normal\"\n        data-flickity-options='{\n            \"cellAlign\": \"center\",\n            \"imagesLoaded\": true,\n            \"lazyLoad\": 1,\n            \"freeScroll\": false,\n            \"wrapAround\": true,\n            \"autoPlay\": 6000,\n            \"pauseAutoPlayOnHover\" : true,\n            \"prevNextButtons\": true,\n            \"contain\" : true,\n            \"adaptiveHeight\" : true,\n            \"dragThreshold\" : 10,\n            \"percentPosition\": true,\n            \"pageDots\": true,\n            \"rightToLeft\": false,\n            \"draggable\": true,\n            \"selectedAttraction\": 0.1,\n            \"parallax\" : 0,\n            \"friction\": 0.6        }'\n        >\n        \n\n\n  <div class=\"banner has-hover has-parallax\" id=\"banner-813067337\">\n          <div class=\"banner-inner fill\">\n        <div class=\"banner-bg fill\" data-parallax=\"-3\" data-parallax-container=\".banner\" data-parallax-background>\n            <img loading=\"lazy\" decoding=\"async\" width=\"1440\" height=\"420\" src=\"https:\/\/test.vivimsolar.cat\/wp-content\/uploads\/2025\/01\/Group-7-1.png\" class=\"bg attachment-original size-original\" alt=\"\" \/>                                    \n                    <\/div>\n\t\t\n        <div class=\"banner-layers container\">\n            <div class=\"fill banner-link\"><\/div>            \n\n   <div id=\"text-box-296499478\" class=\"text-box banner-layer x5 md-x0 lg-x0 y50 md-y30 lg-y30 res-text\">\n                                <div class=\"text-box-content text dark\">\n              \n              <div class=\"text-inner text-center\">\n                  \n\n\t<div class=\"img has-hover x md-x lg-x y md-y lg-y\" id=\"image_906801795\">\n\t\t\t\t\t\t\t\t<div class=\"img-inner dark\" >\n\t\t\t<img loading=\"lazy\" decoding=\"async\" width=\"678\" height=\"213\" src=\"https:\/\/test.vivimsolar.cat\/wp-content\/uploads\/2025\/01\/Group-1-7-1.png\" class=\"attachment-original size-original\" alt=\"\" srcset=\"https:\/\/test.vivimsolar.cat\/wp-content\/uploads\/2025\/01\/Group-1-7-1.png 678w, https:\/\/test.vivimsolar.cat\/wp-content\/uploads\/2025\/01\/Group-1-7-1-300x94.png 300w\" sizes=\"auto, (max-width: 678px) 100vw, 678px\" \/>\t\t\t\t\t\t\n\t\t\t\t\t<\/div>\n\t\t\t\t\t\t\t\t\n<style>\n#image_906801795 {\n  width: 100%;\n}\n<\/style>\n\t<\/div>\n\t\n\n\n              <\/div>\n           <\/div>\n                            \n<style>\n#text-box-296499478 {\n  width: 60%;\n}\n#text-box-296499478 .text-box-content {\n  font-size: 100%;\n}\n@media (min-width:550px) {\n  #text-box-296499478 {\n    width: 40%;\n  }\n}\n<\/style>\n    <\/div>\n \n\n        <\/div>\n      <\/div>\n\n            \n<style>\n#banner-813067337 {\n  padding-top: 139px;\n}\n#banner-813067337 .banner-bg img {\n  object-position: 23% 100%;\n}\n@media (min-width:550px) {\n  #banner-813067337 {\n    padding-top: 420px;\n  }\n}\n<\/style>\n  <\/div>\n\n\n\n     <\/div>\n\n     <div class=\"loading-spin dark large centered\"><\/div>\n\n\t<\/div>\n\n\n<div class=\"row row-large\"  id=\"row-1814111511\">\n\n\n\t<div id=\"col-717635067\" class=\"col medium-6 small-12 large-6\"  >\n\t\t\t\t<div class=\"col-inner\"  >\n\t\t\t\n\t\t\t\n\n\t<div id=\"text-1178479141\" class=\"text\">\n\t\t\n\n<p data-line-height=\"m\">Vivim Solar, solucions d&#8217;altes prestacions per al teu projecte fotovoltaic clau en m\u00e0.<\/p>\n\t\t\n<style>\n#text-1178479141 {\n  font-size: 1.85rem;\n}\n<\/style>\n\t<\/div>\n\t\n<p>Desenvolupem projectes fotovoltaics des de l&#8217;enginyeria fins a la instal\u00b7laci\u00f3, la legalitzaci\u00f3 i el manteniment. Treballem amb personal propi a totes les etapes del projecte. <\/p>\n\n\t\t<\/div>\n\t\t\t\t\t<\/div>\n\n\t\n\n\t<div id=\"col-1841553604\" class=\"col medium-5 small-12 large-5\"  >\n\t\t\t\t<div class=\"col-inner box-shadow-2\" style=\"background-color:rgb(255,255,255);\" >\n\t\t\t\n\t\t\t\n\n<div class=\"row align-center\"  id=\"row-2045537219\">\n\n\n\t<div id=\"col-763336314\" class=\"col medium-11 small-12 large-11\"  >\n\t\t\t\t<div class=\"col-inner\" style=\"background-color:rgb(255,255,255);\" >\n\t\t\t\n\t\t\t\n\n\t<div id=\"text-4058729566\" class=\"text\">\n\t\t\n\n<p>Contacta amb nosaltres<\/p>\n\t\t\n<style>\n#text-4058729566 {\n  font-size: 1.6rem;\n}\n<\/style>\n\t<\/div>\n\t\n\n<div class=\"wpcf7 no-js\" id=\"wpcf7-f531-o1\" lang=\"ca\" dir=\"ltr\" data-wpcf7-id=\"531\">\n<div class=\"screen-reader-response\"><p role=\"status\" aria-live=\"polite\" aria-atomic=\"true\"><\/p> <ul><\/ul><\/div>\n<form action=\"\/ca\/wp-json\/wp\/v2\/pages\/285#wpcf7-f531-o1\" method=\"post\" class=\"wpcf7-form init\" aria-label=\"Formulari de contacte\" novalidate=\"novalidate\" data-status=\"init\">\n<div style=\"display: none;\">\n<input type=\"hidden\" name=\"_wpcf7\" value=\"531\" \/>\n<input type=\"hidden\" name=\"_wpcf7_version\" value=\"6.0.6\" \/>\n<input type=\"hidden\" name=\"_wpcf7_locale\" value=\"ca\" \/>\n<input type=\"hidden\" name=\"_wpcf7_unit_tag\" value=\"wpcf7-f531-o1\" \/>\n<input type=\"hidden\" name=\"_wpcf7_container_post\" value=\"0\" \/>\n<input type=\"hidden\" name=\"_wpcf7_posted_data_hash\" value=\"\" \/>\n<\/div>\n<p><label> El teu nom<br \/>\n<span class=\"wpcf7-form-control-wrap\" data-name=\"your-name\"><input size=\"40\" maxlength=\"400\" class=\"wpcf7-form-control wpcf7-text wpcf7-validates-as-required\" autocomplete=\"name\" aria-required=\"true\" aria-invalid=\"false\" value=\"\" type=\"text\" name=\"your-name\" \/><\/span> <\/label>\n<\/p>\n<p><label> El teu correu electr\u00f2nic<br \/>\n<span class=\"wpcf7-form-control-wrap\" data-name=\"your-email\"><input size=\"40\" maxlength=\"400\" class=\"wpcf7-form-control wpcf7-email wpcf7-validates-as-required wpcf7-text wpcf7-validates-as-email\" autocomplete=\"email\" aria-required=\"true\" aria-invalid=\"false\" value=\"\" type=\"email\" name=\"your-email\" \/><\/span> <\/label>\n<\/p>\n<p><label> Assumpte<br \/>\n<span class=\"wpcf7-form-control-wrap\" data-name=\"your-subject\"><input size=\"40\" maxlength=\"400\" class=\"wpcf7-form-control wpcf7-text wpcf7-validates-as-required\" aria-required=\"true\" aria-invalid=\"false\" value=\"\" type=\"text\" name=\"your-subject\" \/><\/span> <\/label>\n<\/p>\n<p><label> El teu missatge (opcional)<br \/>\n<span class=\"wpcf7-form-control-wrap\" data-name=\"your-message\"><textarea cols=\"40\" rows=\"10\" maxlength=\"2000\" class=\"wpcf7-form-control wpcf7-textarea\" aria-invalid=\"false\" name=\"your-message\"><\/textarea><\/span> <\/label>\n<\/p>\n<p><label><span class=\"wpcf7-form-control-wrap\" data-name=\"checkbox-416\"><span class=\"wpcf7-form-control wpcf7-checkbox wpcf7-validates-as-required\"><span class=\"wpcf7-list-item first last\"><label><input type=\"checkbox\" name=\"checkbox-416[]\" value=\"He llegit i accepto la pol\u00edtica de privadesa de Vivim Solar\" \/><span class=\"wpcf7-list-item-label\">He llegit i accepto la pol\u00edtica de privadesa de Vivim Solar<\/span><\/label><\/span><\/span><\/span> <\/label><br \/>\n<label><span class=\"wpcf7-form-control-wrap\" data-name=\"checkbox-417\"><span class=\"wpcf7-form-control wpcf7-checkbox\"><span class=\"wpcf7-list-item first last\"><label><input type=\"checkbox\" name=\"checkbox-417[]\" value=\"Accepto rebre notificacions comercials per part de Vivim Solar\" \/><span class=\"wpcf7-list-item-label\">Accepto rebre notificacions comercials per part de Vivim Solar<\/span><\/label><\/span><\/span><\/span> <\/label>\n<\/p>\n<p><input class=\"wpcf7-form-control wpcf7-submit has-spinner\" type=\"submit\" value=\"Enviar\" \/>\n<\/p><div class=\"wpcf7-response-output\" aria-hidden=\"true\"><\/div>\n<\/form>\n<\/div>\n\n\n\n\t\t<\/div>\n\t\t\t\t\n<style>\n#col-763336314 > .col-inner {\n  padding: 30px 30px 30px 30px;\n}\n<\/style>\n\t<\/div>\n\n\t\n\n\n<style>\n#row-2045537219 > .col > .col-inner {\n  background-color: rgb(255,255,255);\n}\n<\/style>\n<\/div>\n\n\t\t<\/div>\n\t\t\t\t\n<style>\n#col-1841553604 > .col-inner {\n  margin: 0px 0px 0px 0px;\n}\n@media (min-width:550px) {\n  #col-1841553604 > .col-inner {\n    margin: -200px 0px 0px 0px;\n  }\n}\n<\/style>\n\t<\/div>\n\n\t\n\n<\/div>\n\n\t\t<\/div>\n\n\t\t\n<style>\n#section_1398665139 {\n  padding-top: 30px;\n  padding-bottom: 30px;\n}\n<\/style>\n\t<\/section>\n\t\n\n","protected":false},"excerpt":{"rendered":"","protected":false},"author":1,"featured_media":179,"parent":0,"menu_order":0,"comment_status":"closed","ping_status":"closed","template":"page-transparent-header-light.php","meta":{"_joinchat":[],"footnotes":""},"class_list":["post-285","page","type-page","status-publish","has-post-thumbnail","hentry"],"yoast_head":"<!-- This site is optimized with the Yoast SEO plugin v25.1 - https:\/\/yoast.com\/wordpress\/plugins\/seo\/ -->\n<title>Vivim Solar - Especialistes en Energia solar a Sant Cugat - Vivim Solar<\/title>\n<meta name=\"robots\" content=\"noindex, follow, max-snippet:-1, max-image-preview:large, max-video-preview:-1\" \/>\n<meta property=\"og:locale\" content=\"ca_ES\" \/>\n<meta property=\"og:type\" content=\"article\" \/>\n<meta property=\"og:title\" content=\"Vivim Solar - Especialistes en Energia solar a Sant Cugat - Vivim Solar\" \/>\n<meta property=\"og:url\" content=\"https:\/\/test.vivimsolar.cat\/ca\/\" \/>\n<meta property=\"og:site_name\" content=\"Vivim Solar\" \/>\n<meta property=\"article:modified_time\" content=\"2025-05-15T09:54:33+00:00\" \/>\n<meta property=\"og:image\" content=\"https:\/\/test.vivimsolar.cat\/wp-content\/uploads\/2025\/01\/solar-panels-roof-solar-cell-1.png\" \/>\n\t<meta property=\"og:image:width\" content=\"1439\" \/>\n\t<meta property=\"og:image:height\" content=\"691\" \/>\n\t<meta property=\"og:image:type\" content=\"image\/png\" \/>\n<meta name=\"twitter:card\" content=\"summary_large_image\" \/>\n<meta name=\"twitter:label1\" content=\"Temps estimat de lectura\" \/>\n\t<meta name=\"twitter:data1\" content=\"7 minuts\" \/>\n<script type=\"application\/ld+json\" class=\"yoast-schema-graph\">{\"@context\":\"https:\/\/schema.org\",\"@graph\":[{\"@type\":\"WebPage\",\"@id\":\"https:\/\/test.vivimsolar.cat\/ca\/\",\"url\":\"https:\/\/test.vivimsolar.cat\/ca\/\",\"name\":\"Vivim Solar - Especialistes en Energia solar a Sant Cugat - Vivim Solar\",\"isPartOf\":{\"@id\":\"https:\/\/test.vivimsolar.cat\/ca\/#website\"},\"primaryImageOfPage\":{\"@id\":\"https:\/\/test.vivimsolar.cat\/ca\/#primaryimage\"},\"image\":{\"@id\":\"https:\/\/test.vivimsolar.cat\/ca\/#primaryimage\"},\"thumbnailUrl\":\"https:\/\/test.vivimsolar.cat\/wp-content\/uploads\/2025\/01\/solar-panels-roof-solar-cell-1.png\",\"datePublished\":\"2025-01-08T15:05:17+00:00\",\"dateModified\":\"2025-05-15T09:54:33+00:00\",\"breadcrumb\":{\"@id\":\"https:\/\/test.vivimsolar.cat\/ca\/#breadcrumb\"},\"inLanguage\":\"ca\",\"potentialAction\":[{\"@type\":\"ReadAction\",\"target\":[\"https:\/\/test.vivimsolar.cat\/ca\/\"]}]},{\"@type\":\"ImageObject\",\"inLanguage\":\"ca\",\"@id\":\"https:\/\/test.vivimsolar.cat\/ca\/#primaryimage\",\"url\":\"https:\/\/test.vivimsolar.cat\/wp-content\/uploads\/2025\/01\/solar-panels-roof-solar-cell-1.png\",\"contentUrl\":\"https:\/\/test.vivimsolar.cat\/wp-content\/uploads\/2025\/01\/solar-panels-roof-solar-cell-1.png\",\"width\":1439,\"height\":691},{\"@type\":\"BreadcrumbList\",\"@id\":\"https:\/\/test.vivimsolar.cat\/ca\/#breadcrumb\",\"itemListElement\":[{\"@type\":\"ListItem\",\"position\":1,\"name\":\"Portada\",\"item\":\"https:\/\/test.vivimsolar.cat\/ca\/\"},{\"@type\":\"ListItem\",\"position\":2,\"name\":\"Vivim Solar &#8211; Especialistes en Energia solar a Sant Cugat\"}]},{\"@type\":\"WebSite\",\"@id\":\"https:\/\/test.vivimsolar.cat\/ca\/#website\",\"url\":\"https:\/\/test.vivimsolar.cat\/ca\/\",\"name\":\"Vivim Solar\",\"description\":\"Especialistas en Energ\u00eda Solar\",\"potentialAction\":[{\"@type\":\"SearchAction\",\"target\":{\"@type\":\"EntryPoint\",\"urlTemplate\":\"https:\/\/test.vivimsolar.cat\/ca\/?s={search_term_string}\"},\"query-input\":{\"@type\":\"PropertyValueSpecification\",\"valueRequired\":true,\"valueName\":\"search_term_string\"}}],\"inLanguage\":\"ca\"}]}<\/script>\n<!-- \/ Yoast SEO plugin. -->","yoast_head_json":{"title":"Vivim Solar - Especialistes en Energia solar a Sant Cugat - Vivim Solar","robots":{"index":"noindex","follow":"follow","max-snippet":"max-snippet:-1","max-image-preview":"max-image-preview:large","max-video-preview":"max-video-preview:-1"},"og_locale":"ca_ES","og_type":"article","og_title":"Vivim Solar - Especialistes en Energia solar a Sant Cugat - Vivim Solar","og_url":"https:\/\/test.vivimsolar.cat\/ca\/","og_site_name":"Vivim Solar","article_modified_time":"2025-05-15T09:54:33+00:00","og_image":[{"width":1439,"height":691,"url":"https:\/\/test.vivimsolar.cat\/wp-content\/uploads\/2025\/01\/solar-panels-roof-solar-cell-1.png","type":"image\/png"}],"twitter_card":"summary_large_image","twitter_misc":{"Temps estimat de lectura":"7 minuts"},"schema":{"@context":"https:\/\/schema.org","@graph":[{"@type":"WebPage","@id":"https:\/\/test.vivimsolar.cat\/ca\/","url":"https:\/\/test.vivimsolar.cat\/ca\/","name":"Vivim Solar - Especialistes en Energia solar a Sant Cugat - Vivim Solar","isPartOf":{"@id":"https:\/\/test.vivimsolar.cat\/ca\/#website"},"primaryImageOfPage":{"@id":"https:\/\/test.vivimsolar.cat\/ca\/#primaryimage"},"image":{"@id":"https:\/\/test.vivimsolar.cat\/ca\/#primaryimage"},"thumbnailUrl":"https:\/\/test.vivimsolar.cat\/wp-content\/uploads\/2025\/01\/solar-panels-roof-solar-cell-1.png","datePublished":"2025-01-08T15:05:17+00:00","dateModified":"2025-05-15T09:54:33+00:00","breadcrumb":{"@id":"https:\/\/test.vivimsolar.cat\/ca\/#breadcrumb"},"inLanguage":"ca","potentialAction":[{"@type":"ReadAction","target":["https:\/\/test.vivimsolar.cat\/ca\/"]}]},{"@type":"ImageObject","inLanguage":"ca","@id":"https:\/\/test.vivimsolar.cat\/ca\/#primaryimage","url":"https:\/\/test.vivimsolar.cat\/wp-content\/uploads\/2025\/01\/solar-panels-roof-solar-cell-1.png","contentUrl":"https:\/\/test.vivimsolar.cat\/wp-content\/uploads\/2025\/01\/solar-panels-roof-solar-cell-1.png","width":1439,"height":691},{"@type":"BreadcrumbList","@id":"https:\/\/test.vivimsolar.cat\/ca\/#breadcrumb","itemListElement":[{"@type":"ListItem","position":1,"name":"Portada","item":"https:\/\/test.vivimsolar.cat\/ca\/"},{"@type":"ListItem","position":2,"name":"Vivim Solar &#8211; Especialistes en Energia solar a Sant Cugat"}]},{"@type":"WebSite","@id":"https:\/\/test.vivimsolar.cat\/ca\/#website","url":"https:\/\/test.vivimsolar.cat\/ca\/","name":"Vivim Solar","description":"Especialistas en Energ\u00eda Solar","potentialAction":[{"@type":"SearchAction","target":{"@type":"EntryPoint","urlTemplate":"https:\/\/test.vivimsolar.cat\/ca\/?s={search_term_string}"},"query-input":{"@type":"PropertyValueSpecification","valueRequired":true,"valueName":"search_term_string"}}],"inLanguage":"ca"}]}},"_links":{"self":[{"href":"https:\/\/test.vivimsolar.cat\/ca\/wp-json\/wp\/v2\/pages\/285","targetHints":{"allow":["GET"]}}],"collection":[{"href":"https:\/\/test.vivimsolar.cat\/ca\/wp-json\/wp\/v2\/pages"}],"about":[{"href":"https:\/\/test.vivimsolar.cat\/ca\/wp-json\/wp\/v2\/types\/page"}],"author":[{"embeddable":true,"href":"https:\/\/test.vivimsolar.cat\/ca\/wp-json\/wp\/v2\/users\/1"}],"replies":[{"embeddable":true,"href":"https:\/\/test.vivimsolar.cat\/ca\/wp-json\/wp\/v2\/comments?post=285"}],"version-history":[{"count":2,"href":"https:\/\/test.vivimsolar.cat\/ca\/wp-json\/wp\/v2\/pages\/285\/revisions"}],"predecessor-version":[{"id":527,"href":"https:\/\/test.vivimsolar.cat\/ca\/wp-json\/wp\/v2\/pages\/285\/revisions\/527"}],"wp:featuredmedia":[{"embeddable":true,"href":"https:\/\/test.vivimsolar.cat\/ca\/wp-json\/wp\/v2\/media\/179"}],"wp:attachment":[{"href":"https:\/\/test.vivimsolar.cat\/ca\/wp-json\/wp\/v2\/media?parent=285"}],"curies":[{"name":"wp","href":"https:\/\/api.w.org\/{rel}","templated":true}]}}